{"id":18588,"date":"2024-03-18T07:24:39","date_gmt":"2024-03-18T07:24:39","guid":{"rendered":"https:\/\/www.itxaspe.es\/?page_id=18588"},"modified":"2025-07-06T14:20:24","modified_gmt":"2025-07-06T14:20:24","slug":"blog","status":"publish","type":"page","link":"https:\/\/www.itxaspe.es\/index.php\/blog\/","title":{"rendered":"Blog-a"},"content":{"rendered":"\t\t<div data-elementor-type=\"wp-page\" data-elementor-id=\"18588\" class=\"elementor elementor-18588\" data-elementor-settings=\"{&quot;ha_cmc_init_switcher&quot;:&quot;no&quot;}\">\n\t\t\t\t\t\t<section class=\"elementor-section elementor-top-section elementor-element elementor-element-ce37c92 elementor-section-boxed elementor-section-height-default elementor-section-height-default\" data-id=\"ce37c92\" data-element_type=\"section\" data-settings=\"{&quot;_ha_eqh_enable&quot;:false}\">\n\t\t\t\t\t\t<div class=\"elementor-container elementor-column-gap-default\">\n\t\t\t\t\t<div class=\"elementor-column elementor-col-100 elementor-top-column elementor-element elementor-element-f58627f\" data-id=\"f58627f\" data-element_type=\"column\">\n\t\t\t<div class=\"elementor-widget-wrap elementor-element-populated\">\n\t\t\t\t\t\t<div class=\"elementor-element elementor-element-0662989 elementor-widget elementor-widget-heading\" data-id=\"0662989\" data-element_type=\"widget\" data-widget_type=\"heading.default\">\n\t\t\t\t<div class=\"elementor-widget-container\">\n\t\t\t\t\t<h2 class=\"elementor-heading-title elementor-size-default\">GURE DENBORALDIKO PRODUKTUEI BURUZKO SARRERA BERRIAK<\/h2>\t\t\t\t<\/div>\n\t\t\t\t<\/div>\n\t\t\t\t<div class=\"elementor-element elementor-element-048b6b7 elementor-widget-divider--view-line elementor-widget elementor-widget-divider\" data-id=\"048b6b7\" data-element_type=\"widget\" data-widget_type=\"divider.default\">\n\t\t\t\t<div class=\"elementor-widget-container\">\n\t\t\t\t\t\t\t<div class=\"elementor-divider\">\n\t\t\t<span class=\"elementor-divider-separator\">\n\t\t\t\t\t\t<\/span>\n\t\t<\/div>\n\t\t\t\t\t\t<\/div>\n\t\t\t\t<\/div>\n\t\t\t\t\t<\/div>\n\t\t<\/div>\n\t\t\t\t\t<\/div>\n\t\t<\/section>\n\t\t\t\t<section class=\"elementor-section elementor-top-section elementor-element elementor-element-ed5a4bd elementor-section-boxed elementor-section-height-default elementor-section-height-default\" data-id=\"ed5a4bd\" data-element_type=\"section\" data-settings=\"{&quot;_ha_eqh_enable&quot;:false}\">\n\t\t\t\t\t\t<div class=\"elementor-container elementor-column-gap-default\">\n\t\t\t\t\t<div class=\"elementor-column elementor-col-100 elementor-top-column elementor-element elementor-element-0fd21cb\" data-id=\"0fd21cb\" data-element_type=\"column\">\n\t\t\t<div class=\"elementor-widget-wrap elementor-element-populated\">\n\t\t\t\t\t\t<div class=\"elementor-element elementor-element-3271a4f premium-blog-align-left elementor-widget elementor-widget-premium-addon-blog\" data-id=\"3271a4f\" data-element_type=\"widget\" data-settings=\"{&quot;premium_blog_columns_number&quot;:&quot;100%&quot;,&quot;premium_blog_grid&quot;:&quot;yes&quot;,&quot;premium_blog_layout&quot;:&quot;even&quot;,&quot;premium_blog_columns_number_tablet&quot;:&quot;50%&quot;,&quot;premium_blog_columns_number_mobile&quot;:&quot;100%&quot;}\" data-widget_type=\"premium-addon-blog.default\">\n\t\t\t\t<div class=\"elementor-widget-container\">\n\t\t\t\t\t\n\t\t\t\t<div class=\"premium-blog-wrap  premium-blog-even\" data-page=\"18588\">\n\t\t\t\t\t<div class=\"premium-blog-post-outer-container\" data-total=\"3\">\r\n\t\t\t<div class=\"premium-blog-post-container premium-blog-skin-side\">\r\n\t\t\t\t\t\t\t\t\t\t\t\t<div class=\"premium-blog-content-wrapper empty-thumb\">\r\n\r\n\t\t\t\t\t<div class=\"premium-blog-inner-container\">\r\n\r\n\t\t\t\t\t\t\t\t\t\t\t\t\t<div class=\"premium-blog-cats-container\">\r\n\t\t\t\t\t\t\t\t<ul class=\"post-categories\">\r\n\t\t\t\t\t\t\t\t\t<li><a href=\"https:\/\/www.itxaspe.es\/index.php\/es\/category\/productos-de-temporada-recientes\/\" class=\"elementor-repeater-item-b11a438\">Productos de temporada recientes<\/a><\/li>\t\t\t\t\t\t\t\t<\/ul>\r\n\t\t\t\t\t\t\t<\/div>\r\n\t\t\t\t\t\t\t\t\t\t\t\t\t\t<h2 class=\"premium-blog-entry-title\">\r\n\t\t\t<a href=\"https:\/\/www.itxaspe.es\/index.php\/es\/2025\/09\/08\/garnacha-y-moscatel-dos-uvas-con-alma-propia\/\" target=\"_blank\">\r\n\t\t\t\tGarnacha y Moscatel: dos uvas con alma propia\t\t\t<\/a>\r\n\t\t<\/h2>\r\n\t\t\t\t<div class=\"premium-blog-entry-meta\">\r\n\t\t\t\t\t\t\t<div class=\"premium-blog-post-author premium-blog-meta-data\">\r\n\t\t\t\t\t<i class=\"fa fa-user fa-fw\" aria-hidden=\"true\"><\/i>\r\n\t\t\t\t\t<a href=\"https:\/\/www.itxaspe.es\/index.php\/author\/admin\/\" title=\"Entradas de admin\" rel=\"author\">admin<\/a>\t\t\t\t<\/div>\r\n\t\t\t\r\n\t\t\t\t\t\t\t<span class=\"premium-blog-meta-separator\">\u2022<\/span>\r\n\t\t\t\t<div class=\"premium-blog-post-time premium-blog-meta-data\">\r\n\t\t\t\t\t<i class=\"fa fa-calendar-alt\" aria-hidden=\"true\"><\/i>\r\n\t\t\t\t\t<span>septiembre 8, 2025<\/span>\r\n\t\t\t\t<\/div>\r\n\t\t\t\r\n\t\t\t\r\n\t\t\t\t\t\t\t<span class=\"premium-blog-meta-separator\">\u2022<\/span>\r\n\t\t\t\t<div class=\"premium-blog-post-comments premium-blog-meta-data\">\r\n\t\t\t\t\t<i class=\"fa fa-comments-o fa-fw\" aria-hidden=\"true\"><\/i>\r\n\t\t\t\t\t<a href=\"https:\/\/www.itxaspe.es\/index.php\/es\/2025\/09\/08\/garnacha-y-moscatel-dos-uvas-con-alma-propia\/#respond\">No hay comentarios<\/a>\t\t\t\t<\/div>\r\n\t\t\t\t\t<\/div>\r\n\t\t\r\n\t\t\t\t\t<\/div>\r\n\r\n\t\t\t\t\t\t\t<div class=\"premium-blog-content-inner-wrapper\">\r\n\t\t<p class=\"premium-blog-post-content\">Dos joyas del vi\u00f1edo: descubre la Garnacha y la Moscatel Garnacha y Moscatel: dos uvas con alma propia El mundo del vino \u2026<\/p>\t\t<\/div>\r\n\t\t\t\t\t\t\t\r\n\t\t\t\t<\/div>\r\n\t\t\t<\/div>\r\n\t\t<\/div>\r\n\r\n\t\t\t\t<div class=\"premium-blog-post-outer-container\" data-total=\"3\">\r\n\t\t\t<div class=\"premium-blog-post-container premium-blog-skin-side\">\r\n\t\t\t\t\t\t\t\t\t\t\t\t<div class=\"premium-blog-content-wrapper empty-thumb\">\r\n\r\n\t\t\t\t\t<div class=\"premium-blog-inner-container\">\r\n\r\n\t\t\t\t\t\t\t\t\t\t\t\t\t<div class=\"premium-blog-cats-container\">\r\n\t\t\t\t\t\t\t\t<ul class=\"post-categories\">\r\n\t\t\t\t\t\t\t\t\t<li><a href=\"https:\/\/www.itxaspe.es\/index.php\/category\/sin-categoria-eu\/\" class=\"elementor-repeater-item-b11a438\">Sin categor\u00eda<\/a><\/li>\t\t\t\t\t\t\t\t<\/ul>\r\n\t\t\t\t\t\t\t<\/div>\r\n\t\t\t\t\t\t\t\t\t\t\t\t\t\t<h2 class=\"premium-blog-entry-title\">\r\n\t\t\t<a href=\"https:\/\/www.itxaspe.es\/index.php\/2025\/09\/08\/mahastien-altxorrak-ezagutu-garnatxa-eta-moskatel\/\" target=\"_blank\">\r\n\t\t\t\tMahastien altxorrak: ezagutu Garnatxa eta Moskatel\t\t\t<\/a>\r\n\t\t<\/h2>\r\n\t\t\t\t<div class=\"premium-blog-entry-meta\">\r\n\t\t\t\t\t\t\t<div class=\"premium-blog-post-author premium-blog-meta-data\">\r\n\t\t\t\t\t<i class=\"fa fa-user fa-fw\" aria-hidden=\"true\"><\/i>\r\n\t\t\t\t\t<a href=\"https:\/\/www.itxaspe.es\/index.php\/author\/admin\/\" title=\"Entradas de admin\" rel=\"author\">admin<\/a>\t\t\t\t<\/div>\r\n\t\t\t\r\n\t\t\t\t\t\t\t<span class=\"premium-blog-meta-separator\">\u2022<\/span>\r\n\t\t\t\t<div class=\"premium-blog-post-time premium-blog-meta-data\">\r\n\t\t\t\t\t<i class=\"fa fa-calendar-alt\" aria-hidden=\"true\"><\/i>\r\n\t\t\t\t\t<span>septiembre 8, 2025<\/span>\r\n\t\t\t\t<\/div>\r\n\t\t\t\r\n\t\t\t\r\n\t\t\t\t\t\t\t<span class=\"premium-blog-meta-separator\">\u2022<\/span>\r\n\t\t\t\t<div class=\"premium-blog-post-comments premium-blog-meta-data\">\r\n\t\t\t\t\t<i class=\"fa fa-comments-o fa-fw\" aria-hidden=\"true\"><\/i>\r\n\t\t\t\t\t<a href=\"https:\/\/www.itxaspe.es\/index.php\/2025\/09\/08\/mahastien-altxorrak-ezagutu-garnatxa-eta-moskatel\/#respond\">No hay comentarios<\/a>\t\t\t\t<\/div>\r\n\t\t\t\t\t<\/div>\r\n\t\t\r\n\t\t\t\t\t<\/div>\r\n\r\n\t\t\t\t\t\t\t<div class=\"premium-blog-content-inner-wrapper\">\r\n\t\t<p class=\"premium-blog-post-content\">Mahastien altxorrak: ezagutu Garnatxa eta Moskatel Garnatxa eta Moskatel: nortasun propioa duten bi mahats Ardoaren mundua amaigabea da. Mahats bakoitzak istorio bat, \u2026<\/p>\t\t<\/div>\r\n\t\t\t\t\t\t\t\r\n\t\t\t\t<\/div>\r\n\t\t\t<\/div>\r\n\t\t<\/div>\r\n\r\n\t\t\t\t<div class=\"premium-blog-post-outer-container\" data-total=\"3\">\r\n\t\t\t<div class=\"premium-blog-post-container premium-blog-skin-side\">\r\n\t\t\t\t\t\t\t\t\t<div class=\"premium-blog-thumb-effect-wrapper\">\r\n\t\t\t\t\t\t<div class=\"premium-blog-thumbnail-container premium-blog-zoomin-effect\">\r\n\t\t\t\t\t\t\t<img fetchpriority=\"high\" decoding=\"async\" width=\"1200\" height=\"1600\" src=\"https:\/\/www.itxaspe.es\/wp-content\/uploads\/2025\/07\/endivias-2.jpg\" class=\"attachment-full size-full wp-image-21008\" alt=\"endivias con albaricoque y cerezas\" srcset=\"https:\/\/www.itxaspe.es\/wp-content\/uploads\/2025\/07\/endivias-2.jpg 1200w, https:\/\/www.itxaspe.es\/wp-content\/uploads\/2025\/07\/endivias-2-225x300.jpg 225w, https:\/\/www.itxaspe.es\/wp-content\/uploads\/2025\/07\/endivias-2-768x1024.jpg 768w, https:\/\/www.itxaspe.es\/wp-content\/uploads\/2025\/07\/endivias-2-1152x1536.jpg 1152w\" sizes=\"(max-width: 1200px) 100vw, 1200px\" \/>\t\t\t\t\t\t<\/div>\r\n\t\t\t\t\t\t\t\t\t\t\t\t\t<div class=\"premium-blog-thumbnail-overlay\">\r\n\t\t\t\t\t\t\t\t<a class=\"elementor-icon\" href=\"https:\/\/www.itxaspe.es\/index.php\/es\/2025\/07\/06\/endibias-con-albaricoques-y-cerezas-acompanadas-de-un-salteado-de-setas-sabores-de-verano-en-tu-plato\/\" target=\"_blank\"><\/a>\r\n\t\t\t\t\t\t\t<\/div>\r\n\r\n\t\t\t\t\t\t\t\t\t\t\t\t\t\t\t\t\t\t<\/div>\r\n\t\t\t\t\t\t\t\t\t\t\t\t<div class=\"premium-blog-content-wrapper \">\r\n\r\n\t\t\t\t\t<div class=\"premium-blog-inner-container\">\r\n\r\n\t\t\t\t\t\t\t\t\t\t\t\t\t<div class=\"premium-blog-cats-container\">\r\n\t\t\t\t\t\t\t\t<ul class=\"post-categories\">\r\n\t\t\t\t\t\t\t\t\t<li><a href=\"https:\/\/www.itxaspe.es\/index.php\/es\/category\/productos-de-temporada-recientes\/recetas-es\/\" class=\"elementor-repeater-item-b11a438\">Recetas<\/a><\/li>\t\t\t\t\t\t\t\t<\/ul>\r\n\t\t\t\t\t\t\t<\/div>\r\n\t\t\t\t\t\t\t\t\t\t\t\t\t\t<h2 class=\"premium-blog-entry-title\">\r\n\t\t\t<a href=\"https:\/\/www.itxaspe.es\/index.php\/es\/2025\/07\/06\/endibias-con-albaricoques-y-cerezas-acompanadas-de-un-salteado-de-setas-sabores-de-verano-en-tu-plato\/\" target=\"_blank\">\r\n\t\t\t\tEndivias con albaricoques y cerezas, acompa\u00f1adas de un salteado de setas: sabores de verano en tu plato\t\t\t<\/a>\r\n\t\t<\/h2>\r\n\t\t\t\t<div class=\"premium-blog-entry-meta\">\r\n\t\t\t\t\t\t\t<div class=\"premium-blog-post-author premium-blog-meta-data\">\r\n\t\t\t\t\t<i class=\"fa fa-user fa-fw\" aria-hidden=\"true\"><\/i>\r\n\t\t\t\t\t<a href=\"https:\/\/www.itxaspe.es\/index.php\/author\/admin\/\" title=\"Entradas de admin\" rel=\"author\">admin<\/a>\t\t\t\t<\/div>\r\n\t\t\t\r\n\t\t\t\t\t\t\t<span class=\"premium-blog-meta-separator\">\u2022<\/span>\r\n\t\t\t\t<div class=\"premium-blog-post-time premium-blog-meta-data\">\r\n\t\t\t\t\t<i class=\"fa fa-calendar-alt\" aria-hidden=\"true\"><\/i>\r\n\t\t\t\t\t<span>julio 6, 2025<\/span>\r\n\t\t\t\t<\/div>\r\n\t\t\t\r\n\t\t\t\r\n\t\t\t\t\t\t\t<span class=\"premium-blog-meta-separator\">\u2022<\/span>\r\n\t\t\t\t<div class=\"premium-blog-post-comments premium-blog-meta-data\">\r\n\t\t\t\t\t<i class=\"fa fa-comments-o fa-fw\" aria-hidden=\"true\"><\/i>\r\n\t\t\t\t\t<a href=\"https:\/\/www.itxaspe.es\/index.php\/es\/2025\/07\/06\/endibias-con-albaricoques-y-cerezas-acompanadas-de-un-salteado-de-setas-sabores-de-verano-en-tu-plato\/#respond\">No hay comentarios<\/a>\t\t\t\t<\/div>\r\n\t\t\t\t\t<\/div>\r\n\t\t\r\n\t\t\t\t\t<\/div>\r\n\r\n\t\t\t\t\t\t\t<div class=\"premium-blog-content-inner-wrapper\">\r\n\t\t<p class=\"premium-blog-post-content\">El verano ya est\u00e1 aqu\u00ed, y con \u00e9l las ganas de platos ligeros, coloridos y llenos de sabor. Hoy te traigo una receta original y sorprendente: la frescura crujiente de las endibias, la dulzura afrutada del albaricoque y la cereza, y el sabor profundo de unas setas salteadas.<\/p>\t\t<\/div>\r\n\t\t\t\t\t\t\t\r\n\t\t\t\t<\/div>\r\n\t\t\t<\/div>\r\n\t\t<\/div>\r\n\r\n\t\t\t\t<div class=\"premium-blog-post-outer-container\" data-total=\"3\">\r\n\t\t\t<div class=\"premium-blog-post-container premium-blog-skin-side\">\r\n\t\t\t\t\t\t\t\t\t<div class=\"premium-blog-thumb-effect-wrapper\">\r\n\t\t\t\t\t\t<div class=\"premium-blog-thumbnail-container premium-blog-zoomin-effect\">\r\n\t\t\t\t\t\t\t<img decoding=\"async\" width=\"1200\" height=\"1600\" src=\"https:\/\/www.itxaspe.es\/wp-content\/uploads\/2025\/07\/endivias-1.jpg\" class=\"attachment-full size-full wp-image-20972\" alt=\"endivias con albaricoque y cerezas\" srcset=\"https:\/\/www.itxaspe.es\/wp-content\/uploads\/2025\/07\/endivias-1.jpg 1200w, https:\/\/www.itxaspe.es\/wp-content\/uploads\/2025\/07\/endivias-1-225x300.jpg 225w, https:\/\/www.itxaspe.es\/wp-content\/uploads\/2025\/07\/endivias-1-768x1024.jpg 768w, https:\/\/www.itxaspe.es\/wp-content\/uploads\/2025\/07\/endivias-1-1152x1536.jpg 1152w\" sizes=\"(max-width: 1200px) 100vw, 1200px\" \/>\t\t\t\t\t\t<\/div>\r\n\t\t\t\t\t\t\t\t\t\t\t\t\t<div class=\"premium-blog-thumbnail-overlay\">\r\n\t\t\t\t\t\t\t\t<a class=\"elementor-icon\" href=\"https:\/\/www.itxaspe.es\/index.php\/2025\/07\/06\/endibiak-albarikokearekin-eta-gereziekin-onddo-nahaskiarekin-lagunduta\/\" target=\"_blank\"><\/a>\r\n\t\t\t\t\t\t\t<\/div>\r\n\r\n\t\t\t\t\t\t\t\t\t\t\t\t\t\t\t\t\t\t<\/div>\r\n\t\t\t\t\t\t\t\t\t\t\t\t<div class=\"premium-blog-content-wrapper \">\r\n\r\n\t\t\t\t\t<div class=\"premium-blog-inner-container\">\r\n\r\n\t\t\t\t\t\t\t\t\t\t\t\t\t<div class=\"premium-blog-cats-container\">\r\n\t\t\t\t\t\t\t\t<ul class=\"post-categories\">\r\n\t\t\t\t\t\t\t\t\t<li><a href=\"https:\/\/www.itxaspe.es\/index.php\/category\/tokiko-elikagaiak\/sasoiko-produktu-berriak-eu\/errezetak\/\" class=\"elementor-repeater-item-b11a438\">Errezetak<\/a><\/li>\t\t\t\t\t\t\t\t<\/ul>\r\n\t\t\t\t\t\t\t<\/div>\r\n\t\t\t\t\t\t\t\t\t\t\t\t\t\t<h2 class=\"premium-blog-entry-title\">\r\n\t\t\t<a href=\"https:\/\/www.itxaspe.es\/index.php\/2025\/07\/06\/endibiak-albarikokearekin-eta-gereziekin-onddo-nahaskiarekin-lagunduta\/\" target=\"_blank\">\r\n\t\t\t\tEndibiak albarikokearekin eta gereziekin, onddo nahaskiarekin lagunduta\t\t\t<\/a>\r\n\t\t<\/h2>\r\n\t\t\t\t<div class=\"premium-blog-entry-meta\">\r\n\t\t\t\t\t\t\t<div class=\"premium-blog-post-author premium-blog-meta-data\">\r\n\t\t\t\t\t<i class=\"fa fa-user fa-fw\" aria-hidden=\"true\"><\/i>\r\n\t\t\t\t\t<a href=\"https:\/\/www.itxaspe.es\/index.php\/author\/admin\/\" title=\"Entradas de admin\" rel=\"author\">admin<\/a>\t\t\t\t<\/div>\r\n\t\t\t\r\n\t\t\t\t\t\t\t<span class=\"premium-blog-meta-separator\">\u2022<\/span>\r\n\t\t\t\t<div class=\"premium-blog-post-time premium-blog-meta-data\">\r\n\t\t\t\t\t<i class=\"fa fa-calendar-alt\" aria-hidden=\"true\"><\/i>\r\n\t\t\t\t\t<span>julio 6, 2025<\/span>\r\n\t\t\t\t<\/div>\r\n\t\t\t\r\n\t\t\t\r\n\t\t\t\t\t\t\t<span class=\"premium-blog-meta-separator\">\u2022<\/span>\r\n\t\t\t\t<div class=\"premium-blog-post-comments premium-blog-meta-data\">\r\n\t\t\t\t\t<i class=\"fa fa-comments-o fa-fw\" aria-hidden=\"true\"><\/i>\r\n\t\t\t\t\t<a href=\"https:\/\/www.itxaspe.es\/index.php\/2025\/07\/06\/endibiak-albarikokearekin-eta-gereziekin-onddo-nahaskiarekin-lagunduta\/#respond\">No hay comentarios<\/a>\t\t\t\t<\/div>\r\n\t\t\t\t\t<\/div>\r\n\t\t\r\n\t\t\t\t\t<\/div>\r\n\r\n\t\t\t\t\t\t\t<div class=\"premium-blog-content-inner-wrapper\">\r\n\t\t<p class=\"premium-blog-post-content\">Uda heldu da, eta horrekin batera plater arin, koloretsu eta zaporetsuen gogoa pizten da. Gaur ekartzen dizuet sarrera berezi bat: endibia hostoen freskotasuna, albarikoke eta gerezien goxotasun frutaduna, eta onddo salteatuen zapore sakona uztartzen dituen platera.<\/p>\t\t<\/div>\r\n\t\t\t\t\t\t\t\r\n\t\t\t\t<\/div>\r\n\t\t\t<\/div>\r\n\t\t<\/div>\r\n\r\n\t\t\t\t<\/div>\n\n\t\t\t\t\t\t<\/div>\n\t\t\t\t<\/div>\n\t\t\t\t\t<\/div>\n\t\t<\/div>\n\t\t\t\t\t<\/div>\n\t\t<\/section>\n\t\t\t\t<\/div>\n\t\t","protected":false},"excerpt":{"rendered":"<p>GURE DENBORALDIKO PRODUKTUEI BURUZKO SARRERA BERRIAK Sin categor\u00eda Alimentos de Noviembre admin \u2022 6 azaroa, 2024 \u2022 No Comments AZAROKO FRUITUAK ETA BARAZKIAK Azaro honetan, gozatu gure laranja zukutsuez, kalabaza nutritiboez, mami gozoa duen kakiz eta sagar eta udare kurruskatsuez. Denak \u2026 Sasoiko produktu berriak Tokiko elikagaiak Azenario morea: Denboraldiko misterioa eta zaporea\u00a0 admin \u2022 [&hellip;]<\/p>\n","protected":false},"author":1,"featured_media":0,"parent":0,"menu_order":0,"comment_status":"open","ping_status":"closed","template":"","meta":{"site-sidebar-layout":"no-sidebar","site-content-layout":"page-builder","ast-site-content-layout":"full-width-container","site-content-style":"default","site-sidebar-style":"default","ast-global-header-display":"","ast-banner-title-visibility":"","ast-main-header-display":"","ast-hfb-above-header-display":"","ast-hfb-below-header-display":"","ast-hfb-mobile-header-display":"","site-post-title":"disabled","ast-breadcrumbs-content":"","ast-featured-img":"disabled","footer-sml-layout":"","theme-transparent-header-meta":"","adv-header-id-meta":"","stick-header-meta":"","header-above-stick-meta":"","header-main-stick-meta":"","header-below-stick-meta":"","astra-migrate-meta-layouts":"set","ast-page-background-enabled":"default","ast-page-background-meta":{"desktop":{"background-color":"","background-image":"","background-repeat":"repeat","background-position":"center center","background-size":"auto","background-attachment":"scroll","background-type":"","background-media":"","overlay-type":"","overlay-color":"","overlay-opacity":"","overlay-gradient":""},"tablet":{"background-color":"","background-image":"","background-repeat":"repeat","background-position":"center center","background-size":"auto","background-attachment":"scroll","background-type":"","background-media":"","overlay-type":"","overlay-color":"","overlay-opacity":"","overlay-gradient":""},"mobile":{"background-color":"","background-image":"","background-repeat":"repeat","background-position":"center center","background-size":"auto","background-attachment":"scroll","background-type":"","background-media":"","overlay-type":"","overlay-color":"","overlay-opacity":"","overlay-gradient":""}},"ast-content-background-meta":{"desktop":{"background-color":"var(--ast-global-color-5)","background-image":"","background-repeat":"repeat","background-position":"center center","background-size":"auto","background-attachment":"scroll","background-type":"","background-media":"","overlay-type":"","overlay-color":"","overlay-opacity":"","overlay-gradient":""},"tablet":{"background-color":"var(--ast-global-color-5)","background-image":"","background-repeat":"repeat","background-position":"center center","background-size":"auto","background-attachment":"scroll","background-type":"","background-media":"","overlay-type":"","overlay-color":"","overlay-opacity":"","overlay-gradient":""},"mobile":{"background-color":"var(--ast-global-color-5)","background-image":"","background-repeat":"repeat","background-position":"center center","background-size":"auto","background-attachment":"scroll","background-type":"","background-media":"","overlay-type":"","overlay-color":"","overlay-opacity":"","overlay-gradient":""}},"footnotes":""},"class_list":["post-18588","page","type-page","status-publish","hentry"],"aioseo_notices":[],"_links":{"self":[{"href":"https:\/\/www.itxaspe.es\/index.php\/wp-json\/wp\/v2\/pages\/18588","targetHints":{"allow":["GET"]}}],"collection":[{"href":"https:\/\/www.itxaspe.es\/index.php\/wp-json\/wp\/v2\/pages"}],"about":[{"href":"https:\/\/www.itxaspe.es\/index.php\/wp-json\/wp\/v2\/types\/page"}],"author":[{"embeddable":true,"href":"https:\/\/www.itxaspe.es\/index.php\/wp-json\/wp\/v2\/users\/1"}],"replies":[{"embeddable":true,"href":"https:\/\/www.itxaspe.es\/index.php\/wp-json\/wp\/v2\/comments?post=18588"}],"version-history":[{"count":20,"href":"https:\/\/www.itxaspe.es\/index.php\/wp-json\/wp\/v2\/pages\/18588\/revisions"}],"predecessor-version":[{"id":20938,"href":"https:\/\/www.itxaspe.es\/index.php\/wp-json\/wp\/v2\/pages\/18588\/revisions\/20938"}],"wp:attachment":[{"href":"https:\/\/www.itxaspe.es\/index.php\/wp-json\/wp\/v2\/media?parent=18588"}],"curies":[{"name":"wp","href":"https:\/\/api.w.org\/{rel}","templated":true}]}}